{"id":1304,"date":"2024-10-30T12:23:58","date_gmt":"2024-10-30T10:23:58","guid":{"rendered":"https:\/\/vasilestroescu.md\/?post_type=tribe_events&#038;p=1304"},"modified":"2024-10-30T12:28:37","modified_gmt":"2024-10-30T10:28:37","slug":"event-nou","status":"publish","type":"tribe_events","link":"https:\/\/vasilestroescu.md\/en\/program-ro\/event-nou\/","title":{"rendered":"Event nou"},"content":{"rendered":"<p><strong>Asocia\u021bia Grupul de Ac\u021biune Local\u0103 \u201eVasile Stroescu\u201d<\/strong>\u00a0implementeaz\u0103 proiectul \u201eCentru de Consultan\u021b\u0103 \u00een Afaceri\u201d \u00een cadrul programului \u201eEU4Moldova: Comunit\u0103\u021bi Locale\u201d, finan\u021bat de Uniunea European\u0103, Ministerul Federal German pentru Cooperare Economic\u0103 \u015fi Dezvoltare (BMZ), Cooperarea Austriac\u0103 pentru Dezvoltare (ADC) \u0219i Ministerul Afacerilor Externe al Republicii Polone \u2013 Asisten\u021ba Poloniei; \u0219i implementat de Agen\u021bia de Cooperare Interna\u021bional\u0103 a Germaniei (GIZ), Agen\u021bia Austriac\u0103 pentru Dezvoltare (ADA) \u0219i Solidarity Fund PL (SFPL) \u00een Moldova.<\/p>\n<p><strong>Scopul<\/strong>\u00a0acestui proiect este de a sus\u021bine \u0219i \u00eembun\u0103t\u0103\u021bi climatului economic \u00een GAL \u201cVasile Stroescu\u201d prin crearea condi\u021biilor optime pentru dezvoltarea mediului de afaceri ca un cadru pentru deschiderea locurilor de munc\u0103, stoparea migra\u021biei, dezvoltarea afacerilor \u0219i produselor locale, precum \u0219i generarea de venituri de c\u0103tre popula\u021bia local\u0103, inclusiv a p\u0103turilor defavorizate.<\/p>\n<p>\u00cen cadrul proiectului, va fi contractat 1 expert \u00een dezvoltarea economic\u0103 a localit\u0103\u021bilor, rezident al teritoriului GAL \u201dVasile Stroescu\u201d, misiunea c\u0103ruia va fi de a presta servicii de instruire, consultan\u021b\u0103 \u0219i mentorat \u00een domeniul atragerii de investi\u021bii \u0219i fonduri unui grup \u021bint\u0103 format din 50.<\/p>\n","protected":false},"excerpt":{"rendered":"<p>Asocia\u021bia Grupul de Ac\u021biune Local\u0103 \u201eVasile Stroescu\u201d\u00a0implementeaz\u0103 proiectul \u201eCentru de Consultan\u021b\u0103 \u00een Afaceri\u201d \u00een cadrul programului \u201eEU4Moldova: Comunit\u0103\u021bi Locale\u201d, finan\u021bat de Uniunea European\u0103, Ministerul Federal German pentru Cooperare Economic\u0103 \u015fi&hellip; <a class=\"more-link\" href=\"https:\/\/vasilestroescu.md\/en\/program-ro\/event-nou\/\">Continue reading <span class=\"screen-reader-text\">Event nou<\/span><\/a><\/p>\n","protected":false},"author":1,"featured_media":1064,"comment_status":"closed","ping_status":"closed","template":"","meta":{"_tribe_events_status":"","_tribe_events_status_reason":"","footnotes":""},"tags":[],"tribe_events_cat":[19],"class_list":["post-1304","tribe_events","type-tribe_events","status-publish","has-post-thumbnail","hentry","tribe_events_cat-programe-active","cat_programe-active","entry"],"acf":[],"jetpack_sharing_enabled":true,"_links":{"self":[{"href":"https:\/\/vasilestroescu.md\/en\/wp-json\/wp\/v2\/tribe_events\/1304"}],"collection":[{"href":"https:\/\/vasilestroescu.md\/en\/wp-json\/wp\/v2\/tribe_events"}],"about":[{"href":"https:\/\/vasilestroescu.md\/en\/wp-json\/wp\/v2\/types\/tribe_events"}],"author":[{"embeddable":true,"href":"https:\/\/vasilestroescu.md\/en\/wp-json\/wp\/v2\/users\/1"}],"replies":[{"embeddable":true,"href":"https:\/\/vasilestroescu.md\/en\/wp-json\/wp\/v2\/comments?post=1304"}],"version-history":[{"count":1,"href":"https:\/\/vasilestroescu.md\/en\/wp-json\/wp\/v2\/tribe_events\/1304\/revisions"}],"predecessor-version":[{"id":1305,"href":"https:\/\/vasilestroescu.md\/en\/wp-json\/wp\/v2\/tribe_events\/1304\/revisions\/1305"}],"wp:featuredmedia":[{"embeddable":true,"href":"https:\/\/vasilestroescu.md\/en\/wp-json\/wp\/v2\/media\/1064"}],"wp:attachment":[{"href":"https:\/\/vasilestroescu.md\/en\/wp-json\/wp\/v2\/media?parent=1304"}],"wp:term":[{"taxonomy":"post_tag","embeddable":true,"href":"https:\/\/vasilestroescu.md\/en\/wp-json\/wp\/v2\/tags?post=1304"},{"taxonomy":"tribe_events_cat","embeddable":true,"href":"https:\/\/vasilestroescu.md\/en\/wp-json\/wp\/v2\/tribe_events_cat?post=1304"}],"curies":[{"name":"wp","href":"https:\/\/api.w.org\/{rel}","templated":true}]}}